{"id":113,"date":"2023-10-25T09:59:09","date_gmt":"2023-10-25T09:59:09","guid":{"rendered":"https:\/\/valentinsaenger.de\/?page_id=113"},"modified":"2025-04-04T09:16:19","modified_gmt":"2025-04-04T09:16:19","slug":"der-chorleiter","status":"publish","type":"page","link":"https:\/\/valentinsaenger.de\/?page_id=113","title":{"rendered":"Der Chorleiter"},"content":{"rendered":"\n<p class=\"has-large-font-size\">Martin Schurig <\/p>\n\n\n\n<div class=\"wp-block-group\"><div class=\"wp-block-group__inner-container is-layout-constrained wp-block-group-is-layout-constrained\">\n<div class=\"wp-block-media-text is-stacked-on-mobile\"><figure class=\"wp-block-media-text__media\"><img loading=\"lazy\" decoding=\"async\" width=\"683\" height=\"1024\" src=\"https:\/\/valentinsaenger.de\/wp-content\/uploads\/2025\/03\/Valentin_Saenger_2024_01-683x1024.jpg\" alt=\"\" class=\"wp-image-747 size-full\" srcset=\"https:\/\/valentinsaenger.de\/wp-content\/uploads\/2025\/03\/Valentin_Saenger_2024_01-683x1024.jpg 683w, https:\/\/valentinsaenger.de\/wp-content\/uploads\/2025\/03\/Valentin_Saenger_2024_01-200x300.jpg 200w, https:\/\/valentinsaenger.de\/wp-content\/uploads\/2025\/03\/Valentin_Saenger_2024_01-768x1152.jpg 768w, https:\/\/valentinsaenger.de\/wp-content\/uploads\/2025\/03\/Valentin_Saenger_2024_01-1024x1536.jpg 1024w, https:\/\/valentinsaenger.de\/wp-content\/uploads\/2025\/03\/Valentin_Saenger_2024_01-1365x2048.jpg 1365w, https:\/\/valentinsaenger.de\/wp-content\/uploads\/2025\/03\/Valentin_Saenger_2024_01-scaled.jpg 1707w\" sizes=\"auto, (max-width: 683px) 100vw, 683px\" \/><\/figure><div class=\"wp-block-media-text__content\">\n<p>Martin Schurig (geb. 1969) leitet seit 2017 den Chor &#8220; Die Valentin S\u00e4nger&#8220; in Frankfurt am Main. Der Diplommusiklehrer studierte in Frankfurt Gesangs- und Instrumentalp\u00e4dagogik f\u00fcr Gitarre und Klavier und spielt in diversen Ensembles. Unter anderem ist er Gr\u00fcndungsmitglied der Tributeband &#8222;The ReBeatles&#8220;. Zur Chorarbeit kam er durch ein Engagement des Gesangsvereins &#8222;Liederkranz&#8220; in Bodenheim.<\/p>\n<\/div><\/div>\n<\/div><\/div>\n\n\n\n<div class=\"wp-block-columns is-layout-flex wp-container-core-columns-is-layout-9d6595d7 wp-block-columns-is-layout-flex\">\n<div class=\"wp-block-column is-layout-flow wp-block-column-is-layout-flow\" style=\"flex-basis:100%\"><div class=\"aligncenter wp-block-site-logo\"><a href=\"https:\/\/valentinsaenger.de\/\" class=\"custom-logo-link\" rel=\"home\"><img loading=\"lazy\" decoding=\"async\" width=\"150\" height=\"150\" src=\"https:\/\/valentinsaenger.de\/wp-content\/uploads\/2024\/09\/cropped-Logo_Chor-3.png\" class=\"custom-logo\" alt=\"Die Valentin S\u00e4nger\" srcset=\"https:\/\/valentinsaenger.de\/wp-content\/uploads\/2024\/09\/cropped-Logo_Chor-3.png 512w, https:\/\/valentinsaenger.de\/wp-content\/uploads\/2024\/09\/cropped-Logo_Chor-3-300x300.png 300w, https:\/\/valentinsaenger.de\/wp-content\/uploads\/2024\/09\/cropped-Logo_Chor-3-150x150.png 150w, https:\/\/valentinsaenger.de\/wp-content\/uploads\/2024\/09\/cropped-Logo_Chor-3-100x100.png 100w, https:\/\/valentinsaenger.de\/wp-content\/uploads\/2024\/09\/cropped-Logo_Chor-3-270x270.png 270w, https:\/\/valentinsaenger.de\/wp-content\/uploads\/2024\/09\/cropped-Logo_Chor-3-192x192.png 192w, https:\/\/valentinsaenger.de\/wp-content\/uploads\/2024\/09\/cropped-Logo_Chor-3-180x180.png 180w, https:\/\/valentinsaenger.de\/wp-content\/uploads\/2024\/09\/cropped-Logo_Chor-3-32x32.png 32w\" sizes=\"auto, 100vw\" \/><\/a><\/div><\/div>\n<\/div>\n","protected":false},"excerpt":{"rendered":"<p>Martin Schurig Martin Schurig (geb. 1969) leitet seit 2017 den Chor &#8220; Die Valentin S\u00e4nger&#8220; in Frankfurt am Main. Der Diplommusiklehrer studierte in Frankfurt Gesangs- und Instrumentalp\u00e4dagogik f\u00fcr Gitarre und Klavier und spielt in diversen Ensembles. Unter anderem ist er Gr\u00fcndungsmitglied der Tributeband &#8222;The ReBeatles&#8220;. Zur Chorarbeit kam er durch ein Engagement des Gesangsvereins &#8222;Liederkranz&#8220; &hellip; <\/p>\n<p class=\"link-more\"><a href=\"https:\/\/valentinsaenger.de\/?page_id=113\" class=\"more-link\"><span class=\"screen-reader-text\">\u201eDer Chorleiter\u201c <\/span>weiterlesen<\/a><\/p>\n","protected":false},"author":1,"featured_media":0,"parent":0,"menu_order":0,"comment_status":"closed","ping_status":"closed","template":"","meta":{"footnotes":""},"class_list":["post-113","page","type-page","status-publish","hentry"],"jetpack_sharing_enabled":true,"_links":{"self":[{"href":"https:\/\/valentinsaenger.de\/index.php?rest_route=\/wp\/v2\/pages\/113","targetHints":{"allow":["GET"]}}],"collection":[{"href":"https:\/\/valentinsaenger.de\/index.php?rest_route=\/wp\/v2\/pages"}],"about":[{"href":"https:\/\/valentinsaenger.de\/index.php?rest_route=\/wp\/v2\/types\/page"}],"author":[{"embeddable":true,"href":"https:\/\/valentinsaenger.de\/index.php?rest_route=\/wp\/v2\/users\/1"}],"replies":[{"embeddable":true,"href":"https:\/\/valentinsaenger.de\/index.php?rest_route=%2Fwp%2Fv2%2Fcomments&post=113"}],"version-history":[{"count":18,"href":"https:\/\/valentinsaenger.de\/index.php?rest_route=\/wp\/v2\/pages\/113\/revisions"}],"predecessor-version":[{"id":992,"href":"https:\/\/valentinsaenger.de\/index.php?rest_route=\/wp\/v2\/pages\/113\/revisions\/992"}],"wp:attachment":[{"href":"https:\/\/valentinsaenger.de\/index.php?rest_route=%2Fwp%2Fv2%2Fmedia&parent=113"}],"curies":[{"name":"wp","href":"https:\/\/api.w.org\/{rel}","templated":true}]}}